{"id":237,"date":"2018-02-17T22:36:37","date_gmt":"2018-02-17T22:36:37","guid":{"rendered":"http:\/\/kirchenchor-ummendorf.de\/?page_id=237"},"modified":"2020-03-27T17:46:08","modified_gmt":"2020-03-27T17:46:08","slug":"impressum","status":"publish","type":"page","link":"https:\/\/kirchenchor-ummendorf.de\/?page_id=237","title":{"rendered":"Impressum \/ Datenschutz"},"content":{"rendered":"<h2><strong>Impressum \/ Datenschutz<\/strong><\/h2>\n<p>Angaben gem\u00e4\u00df \u00a7 5 TMG:<br \/>\nKath. Pfarramt St. Johannes<br \/>\nBiberacher Str. 6<br \/>\n88444 Ummendorf<\/p>\n<h3>Kontakt:<\/h3>\n<p>Harald Schmidt<\/p>\n<p>Tel. 01577\/ 4987996<\/p>\n<p>Quelle: <em><a class=\"cm_anchor\" href=\"http:\/\/www.e-recht24.de\/\" target=\"_blank\" rel=\"noopener noreferrer\"><span style=\"color: #999999;\"><span style=\"color: #ff0000;\">http:\/\/www.e-recht24.de<\/span><\/span><\/a>, Impressum Generator<\/em><\/p>\n<h2>Haftungsausschluss:<\/h2>\n<p><strong>Haftung f\u00fcr Inhalte<\/strong><\/p>\n<p>Die Inhalte unserer Seiten wurden mit gr\u00f6\u00dfter Sorgfalt erstellt. F\u00fcr die Richtigkeit, Vollst\u00e4ndigkeit und Aktualit\u00e4t der Inhalte k\u00f6nnen wir jedoch keine Gew\u00e4hr \u00fcbernehmen. Als Diensteanbieter sind wir gem\u00e4\u00df \u00a7 7 Abs.1 TMG f\u00fcr eigene Inhalte auf diesen Seiten nach den allgemeinen Gesetzen verantwortlich. Nach \u00a7\u00a7 8 bis 10 TMG sind wir als Diensteanbieter jedoch nicht verpflichtet, \u00fcbermittelte oder gespeicherte fremde Informationen zu \u00fcberwachen oder nach Umst\u00e4nden zu forschen, die auf eine rechtswidrige T\u00e4tigkeit hinweisen. Verpflichtungen zur Entfernung oder Sperrung der Nutzung von Informationen nach den allgemeinen Gesetzen bleiben hiervon unber\u00fchrt. Eine diesbez\u00fcgliche Haftung ist jedoch erst ab dem Zeitpunkt der Kenntnis einer konkreten Rechtsverletzung m\u00f6glich. Bei Bekanntwerden von entsprechenden Rechtsverletzungen werden wir diese Inhalte umgehend entfernen.<\/p>\n<p><strong>Haftung f\u00fcr Links<\/strong><\/p>\n<p>Unser Angebot enth\u00e4lt Links zu externen Webseiten Dritter, auf deren Inhalte wir keinen Einfluss haben. Deshalb k\u00f6nnen wir f\u00fcr diese fremden Inhalte auch keine Gew\u00e4hr \u00fcbernehmen. F\u00fcr die Inhalte der verlinkten Seiten ist stets der jeweilige Anbieter oder Betreiber der Seiten verantwortlich. Die verlinkten Seiten wurden zum Zeitpunkt der Verlinkung auf m\u00f6gliche Rechtsverst\u00f6\u00dfe \u00fcberpr\u00fcft. Rechtswidrige Inhalte waren zum Zeitpunkt der Verlinkung nicht erkennbar. Eine permanente inhaltliche Kontrolle der verlinkten Seiten ist jedoch ohne konkrete Anhaltspunkte einer Rechtsverletzung nicht zumutbar. Bei Bekanntwerden von Rechtsverletzungen werden wir derartige Links umgehend entfernen.<\/p>\n<p><strong>Urheberrecht<\/strong><\/p>\n<p>Die durch die Seitenbetreiber erstellten Inhalte und Werke auf\u00a0\u00a0diesen Seiten unterliegen dem deutschen Urheberrecht. Die Vervielf\u00e4ltigung,\u00a0\u00a0Bearbeitung, Verbreitung und jede Art der Verwertung au\u00dferhalb der Grenzen des Urheberrechtes\u00a0\u00a0bed\u00fcrfen der schriftlichen Zustimmung des jeweiligen Autors bzw. Erstellers. Downloads und Kopien dieser Seite sind nur f\u00fcr den privaten, nicht\u00a0\u00a0kommerziellen Gebrauch gestattet. Soweit die Inhalte auf dieser Seite nicht vom\u00a0\u00a0Betreiber erstellt wurden, werden die Urheberrechte Dritter beachtet. Insbesondere werden\u00a0\u00a0Inhalte Dritter als solche gekennzeichnet. Sollten Sie trotzdem auf eine\u00a0\u00a0Urheberrechtsverletzung aufmerksam werden, bitten wir um einen\u00a0\u00a0entsprechenden Hinweis. Bei Bekanntwerden von Rechtsverletzungen werden wir derartige\u00a0\u00a0Inhalte umgehend entfernen.<\/p>\n<p><em>Quellen: <a class=\"cm_anchor\" href=\"http:\/\/www.e-recht24.de\/muster-disclaimer.htm\" target=\"_blank\" rel=\"noopener noreferrer\"><span style=\"color: #ff0000;\">eRecht24 Disclaimer<\/span><\/a><\/em><\/p>\n<p>Redakteur und Ersteller der Website:<\/p>\n<p>Harald Schmidt<\/p>\n<p>Kontakt: <a class=\"cm_anchor\" href=\"mailto:haraldwebschmidt@web.de?subject=Kirchenchor Ummendorf\"><span style=\"color: #999999;\"><span style=\"color: #ff0000;\">haraldwebschmidt@web.de<\/span><\/span><\/a><\/p>\n<header class=\"entry-header\">\n<h1 class=\"entry-title\">Datenschutzerkl\u00e4rung<\/h1>\n<p>Der Nutzung von im Rahmen der Impressumspflicht ver\u00f6ffentlichten Kontaktdaten durch Dritte zur \u00dcbersendung von nicht ausdr\u00fccklich angeforderter Werbung und Informationsmaterialien wird hiermit ausdr\u00fccklich widersprochen. Die Betreiber der Seiten behalten sich ausdr\u00fccklich rechtliche Schritte im Falle der unverlangten Zusendung von Werbeinformationen, etwa durch Spam-Mails, vor.<\/p>\n<\/header>\n<div class=\"entry-content\">\n<h2>Betreiber der Webseite<\/h2>\n<p>Die Adresse unserer Website ist: https:\/\/kirchenchor-ummendorf.de.<\/p>\n<h2>Welche personenbezogenen Daten wir sammeln und warum wir sie sammeln<\/h2>\n<h3>Cookies<\/h3>\n<p>Die Nutzung unserer Webseite ist in der Regel ohne Angabe personenbezogener Daten m\u00f6glich. Soweit auf unseren Seiten\u00a0\u00a0personenbezogene Daten (beispielsweise Name, Anschrift oder eMail-Adressen) erhoben werden, erfolgt dies, soweit m\u00f6glich, stets auf freiwilliger Basis. Diese Daten werden ohne\u00a0\u00a0Ihre ausdr\u00fcckliche Zustimmung nicht an Dritte weitergegeben.<\/p>\n<p>Es werden einige Cookies einrichtet, um Ihre Anmeldeinformationen und Anzeigeoptionen zu speichern. Anmelde-Cookies verfallen nach zwei Tagen und Cookies f\u00fcr die Anzeigeoptionen nach einem Jahr. Falls Sie bei der Anmeldung \u201eAngemeldet bleiben\u201c ausw\u00e4hlst, wird Ihre Anmeldung zwei Wochen lang aufrechterhalten. Mit der Abmeldung aus Ihrem Konto werden die Anmelde-Cookies gel\u00f6scht.<\/p>\n<h3>Analysedienste<\/h3>\n<p>Wir nutzen auf unseren Internetseiten Google Analytics, einen Webanalysedienst der Google Inc. mit Sitz in 1600 Amphitheatre Parkway, Mountain View, Kalifornien, USA (\u201eGoogle\u201c). Google Analytics verwendet Cookies die auf Ihrem Computer gespeichert werden und die eine Analyse der Benutzung der Website durch Sie erm\u00f6glichen (Siehe dazu auch \u201cVerwendung von Cookies\u201d).<\/p>\n<p>Die durch den Cookie erzeugten Informationen \u00fcber Ihre Benutzung dieser Internetseiten werden in der Regel an einen Server von Google in den USA \u00fcbertragen und dort gespeichert.<\/p>\n<p>Auf dieser Internetseite wurde die IP-Anonymisierung aktiviert, so dass Ihre IP-Adresse von Google innerhalb von Mitgliedstaaten der Europ\u00e4ischen Union oder in anderen Vertragsstaaten des Abkommens \u00fcber den Europ\u00e4ischen Wirtschaftsraum zuvor gek\u00fcrzt wird. Nur in Ausnahmef\u00e4llen wird die volle IP-Adresse an einen Server von Google in den USA \u00fcbertragen und dort gek\u00fcrzt.<\/p>\n<p>Die im Rahmen von Google Analytics von Ihrem Browser \u00fcbermittelte gek\u00fcrzte IP-Adresse wird nicht mit anderen Daten von Google zusammengef\u00fchrt.<\/p>\n<p>Im Rahmen der Vereinbarung zur Auftragsdatenverarbeitung, welche die Internetseitenbetreiber mit der Google Inc. geschlossen haben, erstellt diese mit Hilfe der gesammelten Informationen eine Auswertung der Internetseitennutzung und der Internetseitenaktivit\u00e4t und erbringt mit der Internetnutzung verbundene Dienstleistungen.<\/p>\n<p>Sie k\u00f6nnen die Speicherung der Google Cookies auf Ihrer Festplatte verhindern, indem Sie in den Browser-Einstellungen keine Cookies akzeptieren. Sie k\u00f6nnen aber in diesem Fall gegebenenfalls nicht s\u00e4mtliche Funktionen dieser Internetseite vollumf\u00e4nglich nutzen.<\/p>\n<p>Sie k\u00f6nnen dar\u00fcber hinaus die Erfassung der durch das Cookie erzeugten und auf Ihre Nutzung der Internetseiten bezogenen Daten (inkl. Ihrer IP-Adresse) an Google sowie die Verarbeitung dieser Daten durch Google verhindern, indem Sie das unter dem folgenden Link verf\u00fcgbare Browser-Plugin zur Deaktivierung von Google Analytics herunterladen und installieren.<\/p>\n<p>Der Link lautet: <a href=\"http:\/\/tools.google.com\/dlpage\/gaoptout?hl=de\" target=\"_blank\" rel=\"noopener noreferrer\">http:\/\/tools.google.com\/dlpage\/gaoptout?hl=de<\/a>.<\/p>\n<p>Weitere Informationen zur Datennutzung zu Werbezwecken durch Google, Einstellungs- und Widerspruchsm\u00f6glichkeiten erfahren Sie auf den Internetseiten von Google.<\/p>\n<p>Beispielsweise unter:<\/p>\n<ul>\n<li><a href=\"https:\/\/www.google.com\/intl\/de\/policies\/privacy\/partners\/\" target=\"_blank\" rel=\"noopener noreferrer\">https:\/\/www.google.com\/intl\/de\/policies\/privacy\/partners\/<\/a><\/li>\n<li><a href=\"http:\/\/www.google.com\/policies\/technologies\/ads\" target=\"_blank\" rel=\"noopener noreferrer\">http:\/\/www.google.com\/policies\/technologies\/ads<\/a><\/li>\n<li><a href=\"https:\/\/www.google.com\/settings\/u\/0\/ads\/authenticated?hl=de\" target=\"_blank\" rel=\"noopener noreferrer\">https:\/\/www.google.com\/settings\/u\/0\/ads\/authenticated?hl=de<\/a><\/li>\n<\/ul>\n<h2>Weitergabe von Daten<\/h2>\n<p>Standardm\u00e4\u00dfig teilt WordPress keinerlei personenbezogene Daten mit Dritten.<\/p>\n<p>Wir weisen darauf hin, dass die Daten\u00fcbertragung im Internet (z.B. bei der Kommunikation per E-Mail) Sicherheitsl\u00fccken aufweisen kann. Ein l\u00fcckenloser Schutz der Daten vor dem Zugriff durch Dritte ist nicht m\u00f6glich.<\/p>\n<h2>Datenspeicherung<\/h2>\n<p>Wenn du einen Kommentar schreibst, wird dieser inklusive Metadaten zeitlich unbegrenzt gespeichert. Auf diese Art k\u00f6nnen wir Folgekommentare automatisch erkennen und freigeben, anstelle sie in einer Moderations-Warteschlange festzuhalten.<\/p>\n<p>F\u00fcr Benutzer, die sich auf unserer Website registrieren, speichern wir zus\u00e4tzlich die pers\u00f6nlichen Informationen, die sie in ihren Benutzerprofilen angeben. Alle Benutzer k\u00f6nnen jederzeit ihre pers\u00f6nlichen Informationen einsehen, ver\u00e4ndern oder l\u00f6schen (der Benutzername kann nicht ver\u00e4ndert werden). Administratoren der Website k\u00f6nnen diese Informationen ebenfalls einsehen und ver\u00e4ndern.<\/p>\n<h2>Rechte an Daten<\/h2>\n<p>Wenn Sie ein Konto auf dieser Website besitzten oder Kommentare geschrieben haben, k\u00f6nnen Sie einen Export Ihrer personenbezogenen Daten bei uns anfordern, inklusive aller Daten, die Sie uns mitgeteilt haben. Dar\u00fcber hinaus k\u00f6nnen Sie die L\u00f6schung aller personenbezogenen Daten, die wir von Ihnen gespeichert haben, anfordern. Dies umfasst nicht die Daten, die wir aufgrund administrativer, rechtlicher oder sicherheitsrelevanter Notwendigkeiten aufbewahren m\u00fcssen.<\/p>\n<h2>Datenerhebung<\/h2>\n<p>Besucher-Kommentare k\u00f6nnten von einem automatisierten Dienst zur Spam-Erkennung untersucht werden.<\/p>\n<p>Der Provider der Seiten erhebt und speichert automatisch Informationen in so genannten Server-Log-Dateien, die Ihr Browser automatisch an uns \u00fcbermittelt. Dies sind:<\/p>\n<p>&gt;Browsertyp und Browserversion<br \/>\n&gt;verwendetes Betriebssystem<br \/>\n&gt;Referrer URL<br \/>\n&gt;Hostname des zugreifenden Rechners<br \/>\n&gt;Uhrzeit der Serveranfrage<br \/>\n&gt;IP-Adresse<\/p>\n<p>Eine Zusammenf\u00fchrung dieser Daten mit anderen Datenquellen wird nicht vorgenommen.<\/p>\n<p>Grundlage f\u00fcr die Datenverarbeitung ist Art. 6 Abs. 1 lit. f DSGVO, der die Verarbeitung von Daten zur Erf\u00fcllung eines Vertrags oder vorvertraglicher Ma\u00dfnahmen gestattet.<\/p>\n<h2>Kontaktformular und E-Mail-Kontakt<\/h2>\n<p>Beschreibung und Umfang der Datenverarbeitung<br \/>\nAuf unserer Internetseite ist ein Kontaktformular vorhanden, welches f\u00fcr die elektronische Kontaktaufnahme genutzt werden kann. Nimmt ein Nutzer diese M\u00f6glichkeit wahr, so werden die in der Eingabemaske eingegeben Daten an uns \u00fcbermittelt und gespeichert. Diese Daten sind:<\/p>\n<p>Name<br \/>\nE-Mailadresse<\/p>\n<p>Im Zeitpunkt der Absendung der Nachricht werden zudem folgende Daten gespeichert:<br \/>\nDie IP-Adresse des Nutzers<br \/>\nDatum und Uhrzeit der Registrierung<br \/>\nF\u00fcr die Verarbeitung der Daten wird im Rahmen des Absendevorgangs Ihre Einwilligung eingeholt und auf diese Datenschutzerkl\u00e4rung verwiesen.<\/p>\n<p>Alternativ ist eine Kontaktaufnahme \u00fcber die bereitgestellte E-Mail-Adresse m\u00f6glich. In diesem Fall werden die mit der E-Mail \u00fcbermittelten personenbezogenen Daten des Nutzers gespeichert.<\/p>\n<p>Es erfolgt in diesem Zusammenhang keine Weitergabe der Daten an Dritte. Die Daten werden ausschlie\u00dflich f\u00fcr die Verarbeitung der Konversation verwendet.<br \/>\nRechtsgrundlage f\u00fcr die Datenverarbeitung<br \/>\nRechtsgrundlage f\u00fcr die Verarbeitung der Daten ist bei Vorliegen einer Einwilligung des Nutzers Art. 6 Abs. 1 lit. a DSGVO.<\/p>\n<p>Rechtsgrundlage f\u00fcr die Verarbeitung der Daten, die im Zuge einer \u00dcbersendung einer E-Mail \u00fcbermittelt werden, ist Art. 6 Abs. 1 lit. f DSGVO. Zielt der E-Mail-Kontakt auf den Abschluss eines Vertrages ab, so ist zus\u00e4tzliche Rechtsgrundlage f\u00fcr die Verarbeitung Art. 6 Abs. 1 lit. b DSGVO.<br \/>\nZweck der Datenverarbeitung<br \/>\nDie Verarbeitung der personenbezogenen Daten aus der Eingabemaske dient uns allein zur Bearbeitung der Kontaktaufnahme. Im Falle einer Kontaktaufnahme per E-Mail liegt hieran auch das erforderliche berechtigte Interesse an der Verarbeitung der Daten.<br \/>\nDie sonstigen w\u00e4hrend des Absendevorgangs verarbeiteten personenbezogenen Daten dienen dazu, einen Missbrauch des Kontaktformulars zu verhindern und die Sicherheit unserer informationstechnischen Systeme sicherzustellen.<br \/>\nDauer der Speicherung<br \/>\nDie Daten werden gel\u00f6scht, sobald sie f\u00fcr die Erreichung des Zweckes ihrer Erhebung nicht mehr erforderlich sind. F\u00fcr die personenbezogenen Daten aus der Eingabemaske des Kontaktformulars und diejenigen, die per E-Mail \u00fcbersandt wurden, ist dies dann der Fall, wenn die jeweilige Konversation mit dem Nutzer beendet ist. Beendet ist die Konversation dann, wenn sich aus den Umst\u00e4nden entnehmen l\u00e4sst, dass der betroffene Sachverhalt abschlie\u00dfend gekl\u00e4rt ist.<\/p>\n<p>Die w\u00e4hrend des Absendevorgangs zus\u00e4tzlich erhobenen personenbezogenen Daten werden sp\u00e4testens nach einer Frist von sieben Tagen gel\u00f6scht.<br \/>\nWiderspruchs- und Beseitigungsm\u00f6glichkeit<br \/>\nDer Nutzer hat jederzeit die M\u00f6glichkeit, seine Einwilligung zur Verarbeitung der personenbezogenen Daten zu widerrufen. Nimmt der Nutzer per E-Mail Kontakt mit uns auf, so kann er der Speicherung seiner personenbezogenen Daten jederzeit widersprechen. In einem solchen Fall kann die Konversation nicht fortgef\u00fchrt werden.<\/p>\n<p>Alle personenbezogenen Daten, die im Zuge der Kontaktaufnahme gespeichert wurden, werden in diesem Fall gel\u00f6scht.<\/p>\n<h2>Kontakt-Informationen<\/h2>\n<p>Harald Schmidt<\/p>\n<p><a href=\"mailto:haraldwebschmidt@web.de\">haraldwebschmidt@web.de<\/a><\/p>\n<h2><b>Kontakt des Datenschutzbeauftragten<\/b><\/h2>\n<p>Bei Fragen hinsichtlich der Erhebung und Verarbeitung Ihrer personenbezogenen Daten wenden Sie sich bitte an unseren Datenschutzbeauftragten:<\/p>\n<p>Walter Kreps<\/p>\n<p>Tel. 07351\/ 23260<\/p>\n<p>Dar\u00fcber hinaus k\u00f6nnen Sie sich bei Bedarf jederzeit beim Landesbeauftragten f\u00fcr den Datenschutz und die Informationsfreiheit des Landes Baden-W\u00fcrttemberg (Deutschland) (https:\/\/www.baden-wuerttemberg.datenschutz.de\/online-beschwerde) beschweren.<\/p>\n<\/div>\n","protected":false},"excerpt":{"rendered":"<p>Impressum \/ Datenschutz Angaben gem\u00e4\u00df \u00a7 5 TMG: Kath. Pfarramt St. Johannes Biberacher Str. 6 88444 Ummendorf Kontakt: Harald Schmidt Tel. 01577\/ 4987996 Quelle: http:\/\/www.e-recht24.de, Impressum Generator Haftungsausschluss: Haftung f\u00fcr Inhalte Die Inhalte unserer Seiten wurden mit gr\u00f6\u00dfter Sorgfalt erstellt. F\u00fcr die Richtigkeit, Vollst\u00e4ndigkeit und Aktualit\u00e4t der Inhalte k\u00f6nnen wir jedoch keine Gew\u00e4hr \u00fcbernehmen. Als [&hellip;]<\/p>\n","protected":false},"author":1,"featured_media":0,"parent":0,"menu_order":0,"comment_status":"closed","ping_status":"closed","template":"","meta":{"footnotes":""},"class_list":["post-237","page","type-page","status-publish","hentry"],"_links":{"self":[{"href":"https:\/\/kirchenchor-ummendorf.de\/index.php?rest_route=\/wp\/v2\/pages\/237","targetHints":{"allow":["GET"]}}],"collection":[{"href":"https:\/\/kirchenchor-ummendorf.de\/index.php?rest_route=\/wp\/v2\/pages"}],"about":[{"href":"https:\/\/kirchenchor-ummendorf.de\/index.php?rest_route=\/wp\/v2\/types\/page"}],"author":[{"embeddable":true,"href":"https:\/\/kirchenchor-ummendorf.de\/index.php?rest_route=\/wp\/v2\/users\/1"}],"replies":[{"embeddable":true,"href":"https:\/\/kirchenchor-ummendorf.de\/index.php?rest_route=%2Fwp%2Fv2%2Fcomments&post=237"}],"version-history":[{"count":8,"href":"https:\/\/kirchenchor-ummendorf.de\/index.php?rest_route=\/wp\/v2\/pages\/237\/revisions"}],"predecessor-version":[{"id":389,"href":"https:\/\/kirchenchor-ummendorf.de\/index.php?rest_route=\/wp\/v2\/pages\/237\/revisions\/389"}],"wp:attachment":[{"href":"https:\/\/kirchenchor-ummendorf.de\/index.php?rest_route=%2Fwp%2Fv2%2Fmedia&parent=237"}],"curies":[{"name":"wp","href":"https:\/\/api.w.org\/{rel}","templated":true}]}}