{"id":50,"date":"2018-01-02T23:05:50","date_gmt":"2018-01-02T23:05:50","guid":{"rendered":"http:\/\/kirchenchor-ummendorf.haraldschmidt.de\/?page_id=50"},"modified":"2024-08-18T13:40:29","modified_gmt":"2024-08-18T13:40:29","slug":"galerie","status":"publish","type":"page","link":"https:\/\/kirchenchor-ummendorf.de\/?page_id=50","title":{"rendered":"Galerie"},"content":{"rendered":"<h2>Jahreshauptversammlungen:<\/h2>\n<div id=\"metaslider-id-86\" style=\"max-width: 700px;\" class=\"ml-slider-3-108-0 metaslider metaslider-flex metaslider-86 ml-slider has-dots-nav ms-theme-default\" role=\"region\" aria-label=\"JHV\" data-height=\"450\" data-width=\"700\">\n    <div id=\"metaslider_container_86\">\n        <div id=\"metaslider_86\">\n            <ul class='slides'>\n                <li style=\"display: block; width: 100%;\" class=\"slide-393 ms-image \" aria-roledescription=\"slide\" data-date=\"2020-04-01 20:09:07\" data-filename=\"DSC02312-scaled-e1651342822519-700x450.jpg\" data-slide-type=\"image\"><img loading=\"lazy\" decoding=\"async\" src=\"https:\/\/kirchenchor-ummendorf.de\/wp-content\/uploads\/2020\/04\/DSC02312-scaled-e1651342822519-700x450.jpg\" height=\"450\" width=\"700\" alt=\"\" class=\"slider-86 slide-393 msDefaultImage\" title=\"DSC02312\" \/><div class=\"caption-wrap\"><div class=\"caption\">Jahreshauptversammlung 2020<\/div><\/div><\/li>\n                <li style=\"display: none; width: 100%;\" class=\"slide-654 ms-image \" aria-roledescription=\"slide\" data-date=\"2022-07-13 16:52:03\" data-filename=\"DSC03960-scaled-700x450.jpg\" data-slide-type=\"image\"><img loading=\"lazy\" decoding=\"async\" src=\"https:\/\/kirchenchor-ummendorf.de\/wp-content\/uploads\/2022\/07\/DSC03960-scaled-700x450.jpg\" height=\"450\" width=\"700\" alt=\"\" class=\"slider-86 slide-654 msDefaultImage\" title=\"DSC03960\" \/><div class=\"caption-wrap\"><div class=\"caption\">Chorleiterin Aline Ehrig (r) und die Jubilare 2022 - es fehlen Lore Scheffold, Wolgang Raith und Albert Rummel<\/div><\/div><\/li>\n                <li style=\"display: none; width: 100%;\" class=\"slide-655 ms-image \" aria-roledescription=\"slide\" data-date=\"2022-07-13 16:52:16\" data-filename=\"DSC03954-scaled-700x450.jpg\" data-slide-type=\"image\"><img loading=\"lazy\" decoding=\"async\" src=\"https:\/\/kirchenchor-ummendorf.de\/wp-content\/uploads\/2022\/07\/DSC03954-scaled-700x450.jpg\" height=\"450\" width=\"700\" alt=\"\" class=\"slider-86 slide-655 msDefaultImage\" title=\"DSC03954\" \/><div class=\"caption-wrap\"><div class=\"caption\">Chorleiterin Aline Ehrig (r), Pfarrer J\u00fcrgen Sauter (m), Vorstandsvorsitzender Harald Schmidt (m) und die ausgeschiedenen Vorstandsmitglieder 2022<\/div><\/div><\/li>\n                <li style=\"display: none; width: 100%;\" class=\"slide-770 ms-image \" aria-roledescription=\"slide\" data-date=\"2023-03-27 18:34:55\" data-filename=\"DSC04181-scaled-700x450.jpg\" data-slide-type=\"image\"><img loading=\"lazy\" decoding=\"async\" src=\"https:\/\/kirchenchor-ummendorf.de\/wp-content\/uploads\/2023\/03\/DSC04181-scaled-700x450.jpg\" height=\"450\" width=\"700\" alt=\"\" class=\"slider-86 slide-770 msDefaultImage\" title=\"DSC04181\" \/><div class=\"caption-wrap\"><div class=\"caption\">Pfarrer J\u00fcrgen Sauter (2 v.r.) und die Jubilare 2023 - es fehlt Susanne Gerster<\/div><\/div><\/li>\n                <li style=\"display: none; width: 100%;\" class=\"slide-772 ms-image \" aria-roledescription=\"slide\" data-date=\"2023-03-27 18:47:09\" data-filename=\"DSC04185-scaled-700x450.jpg\" data-slide-type=\"image\"><img loading=\"lazy\" decoding=\"async\" src=\"https:\/\/kirchenchor-ummendorf.de\/wp-content\/uploads\/2023\/03\/DSC04185-scaled-700x450.jpg\" height=\"450\" width=\"700\" alt=\"\" class=\"slider-86 slide-772 msDefaultImage\" title=\"DSC04185\" \/><div class=\"caption-wrap\"><div class=\"caption\">Pfarrer J\u00fcrgen Sauter (3 v.l.), Vorstandsvorsitzender Harald Schmidt (l) und die neuen Chormitglieder v. r. Franz Kuhn, Stefan Altmann und Klaus Reichert.  Elfriede Hepp (2 v.l.) ist als neue Kassiererin gew\u00e4hlt worden.<\/div><\/div><\/li>\n                <li style=\"display: none; width: 100%;\" class=\"slide-856 ms-image \" aria-roledescription=\"slide\" data-date=\"2024-02-11 15:25:10\" data-filename=\"Neue-Vorstaende-2024_edited-700x450.jpg\" data-slide-type=\"image\"><img loading=\"lazy\" decoding=\"async\" src=\"https:\/\/kirchenchor-ummendorf.de\/wp-content\/uploads\/2024\/02\/Neue-Vorstaende-2024_edited-700x450.jpg\" height=\"450\" width=\"700\" alt=\"\" class=\"slider-86 slide-856 msDefaultImage\" title=\"Neue Vorst\u00e4nde 2023\" \/><div class=\"caption-wrap\"><div class=\"caption\">Chorleiterin Aline Ehrig (r), Pfarrer J\u00fcrgen Sauter (2 v.r.), Vorstandsvorsitzender Harald Schmidt (m) und die ausgeschiedenen und wiedergew\u00e4hlten Vorstandsmitglieder 2024<\/div><\/div><\/li>\n            <\/ul>\n        <\/div>\n        \n    <\/div>\n<\/div>\n<p>Ummendorf im Februar 2024 &#8211; Kirchenchor ehrt verdiente Mitglieder<\/p>\n<p>Die Mitglieder des Kath. Kirchenchores St. Johannes Evangelist, Ummendorf, trafen sich am Freitag, 02. Februar 2024 zur 46. Ordentlichen Jahreshauptversammlung. Der 1. Vorsitzende Harald Schmidt begr\u00fc\u00dfte dazu die Chorleitung Frau Aline Ehrig-Metz und Herr Pfarrer Sauter, sowie alle S\u00e4ngerinnen und S\u00e4nger.<br \/>\nDer 1. Vorsitzende, die Schriftf\u00fchrerin, die Kassenwartin und die Kassenpr\u00fcfer sowie auch die Chorleitung lie\u00dfen in ihren Berichten das vergangene Vereinsjahr noch einmal Revue passieren. Erfreulicherweise konnte eine neue S\u00e4ngerin im Sopran hinzugewonnen werden. Der 1. Vorsitzende Harald Schmidt konnte folgende S\u00e4ngerinnen und S\u00e4nger f\u00fcr langj\u00e4hriges Singen und aktive Mitgliedschaft im Chor ehren:<br \/>\nKerstin Schrade Alt 10 Jahre<br \/>\nBernd Schrade Tenor 10 Jahre<br \/>\nAnita Miller Alt 40 Jahre, Goldene Ehrennadel<br \/>\nAlle Geehrten erhielten eine Urkunde des C\u00e4cilienverbandes der Di\u00f6zese Rottenburg-Stuttgart.<br \/>\nHerr Pfarrer Sauter bedankte sich in einem Gru\u00dfwort beim Chor f\u00fcr ihren Dienst in der Kirchengemeinde und f\u00fchrte anschlie\u00dfend die Entlastung der Vorstandschaft und die Wahlen f\u00fcr folgende neu zu besetzende \u00c4mter durch:<br \/>\n1. Vorsitzender, Stimmenvertretung Alt, Stimmenvertretung Tenor, Stimmenvertretung Bass, Kassenwart und Notenwart.<br \/>\nAm Ende der Versammlung bedankte sich der wiedergew\u00e4hlte 1. Vorsitzende Harald Schmidt bei der Vorstandschaft und bei allen Mitgliedern des Kirchenchores f\u00fcr die gute Zusammenarbeit und lud abschlie\u00dfend zum gem\u00fctlichen Beisammensein ein.<\/p>\n<p>Ummendorf im M\u00e4rz 2023 &#8211; Kirchenchor ehrt verdiente Mitglieder<\/p>\n<p>Die Mitglieder des Kath. Kirchenchores St. Johannes Evangelist, Ummendorf, trafen sich am Freitag, 10. M\u00e4rz 2023 zur 45. Ordentlichen Jahreshauptversammlung. Der 1. Vorsitzende Harald Schmidt begr\u00fc\u00dfte dazu Herr Pfarrer Sauter, sowie alle S\u00e4ngerinnen und S\u00e4nger.<br \/>\nDer Vorstand, Schriftf\u00fchrerin und Kassenpr\u00fcfer lie\u00dfen in ihren Berichten das vergangene Vereinsjahr noch einmal Revue passieren. Der Bericht der Chorleiterin Frau Aline Ehrig-Metz musste wegen Krankheit leider entfallen. Erfreulicherweise konnten drei neue S\u00e4nger in den Stimmen Bass und Tenor hinzugewonnen werden.<br \/>\nDer 1. Vorsitzende Harald Schmidt konnte folgende S\u00e4ngerinnen und S\u00e4nger f\u00fcr langj\u00e4hriges Singen und aktive Mitgliedschaft im Chor ehren:<br \/>\nSusanne Gerster, Sopran, 10 Jahre<br \/>\nHarald Schmidt, Tenor, 10 Jahre<br \/>\nJeanette Reichert, Sopran, 15 Jahre<br \/>\nG\u00fcnter Skatulla, Bass, 15 Jahre<br \/>\nJohanna Mohr, Alt<br \/>\nAlle Geehrten erhielten eine Urkunde des C\u00e4cilienverbandes der Di\u00f6zese Rottenburg-Stuttgart.<br \/>\nHerr Pfarrer Sauter bedankte sich in einem Gru\u00dfwort beim Chor f\u00fcr ihren Dienst in der Kirchengemeinde und f\u00fchrte die Entlastung der Vorstandschaft durch.<br \/>\nWahlen fanden in diesem Jahr nicht statt.<br \/>\nAm Ende der Versammlung bedankte sich der 1. Vorsitzende bei der Vorstandschaft und bei allen Mitgliedern des Kirchenchores f\u00fcr die gute Zusammenarbeit und lud abschlie\u00dfend zum gem\u00fctlichen Beisammensein ein.<\/p>\n<p>Ummendorf im Mai <strong>2022<\/strong>&#8211; Bei der Jahreshauptversammlung des katholischen Kirchenchores blickten die Mitglieder auf die vergangenen beiden Jahre zur\u00fcck.<br \/>\nDie Corona-Pandemie bestimmte auch den Alltag des Kirchenchores. Die Regeln f\u00fcr Proben und Auftritte waren von der Di\u00f6zese vorgegeben und wurden von den Chormitgliedern und der Chorleitung vorbildlich umgesetzt. Zeitweise waren weder Proben noch Auftritte m\u00f6glich. Trotzdem hielten fast alle S\u00e4ngerinnen und S\u00e4nger durch die Zeit der Pandemie dem Chor die Treue. Vorsitzender Harald Schmidt konnte folgende S\u00e4ngerinnen und S\u00e4nger f\u00fcr langj\u00e4hriges Singen und aktive Mitgliedschaft im Chor mit einer Urkunde und einem Blumenstrau\u00df ehren:<br \/>\n&#8211; Simon Beth (Tenor, 10 Jahre)<br \/>\n&#8211; Elfriede Hepp (Alt, 15 Jahre)<br \/>\n&#8211; Lucia W\u00e4scher (Alt, 15 Jahre)<br \/>\n&#8211; Albert Rummel (Bass, 15 Jahre)<br \/>\n&#8211; Claudia Schmidt (Sopran, 25 Jahre, Silberne Ehrennadel des C\u00e4cilienverbandes, der Di\u00f6zese Rottenburg-Stuttgart)<br \/>\n&#8211; Elisabeth T\u00fcrck (Alt, 30 Jahre)<br \/>\n&#8211; Hans Sailer (Tenor, 30 Jahre)<br \/>\n&#8211; Wolfgang Raith (Bass, 30 Jahre)<br \/>\n&#8211; Franz Rieger (Bass, 30 Jahre)<br \/>\n&#8211; Lore Scheffold (Alt, 40 Jahre, Goldene Ehrennadel des C\u00e4cilienverbandes der Di\u00f6zese Rottenburg-Stuttgart)<br \/>\n&#8211; Walter Kreps (Tenor, 40 Jahre, Goldene Ehrennadel des C\u00e4cilienverbandes der Di\u00f6zese Rottenburg-Stuttgart)<\/p>\n<p>Bei den anschlie\u00dfenden Wahlen wurden Eveline Schuster (Stimmenvertretung Sopran), Kerstin Schrade (Schriftf\u00fchrerin) und Rene Dickmeis (stellv. Vorsitzender) neu in den Ausschuss gew\u00e4hlt. G\u00fcnter Skatulla, der bis jetzt das Amt des Kassenwarts ausf\u00fchrte, \u00fcbernimmt die Stimmenvertretung f\u00fcr den Bass. Das Gremium verlassen haben Wolfgang Raith, Ingrid Winghart, Simon Beth und Elisabeth T\u00fcrck. Sie bleiben dem Chor jedoch weiterhin als aktive S\u00e4nger erhalten.<br \/>\nSofern es die Pandemie-Lage erlaubt, sollen im Jahr 2022 erstmals seit drei Jahren wieder ein gemeinsamer Ausflug sowie ein Grillfest f\u00fcr alle Mitglieder stattfinden.<\/p>\n<p>Die Jahreshauptversammlung <strong>2020<\/strong> des katholischen Kirchenchores standen im Zeichen der Jahresplanung f\u00fcr das Jahr 2020.<br \/>\nH\u00f6hepunkte des vergangenen Jahres waren die Orchestermessen an Ostern und Weihnachten sowie der Festgottesdienst anl\u00e4sslich des Kirchenjubil\u00e4ums im November, bei dem der Chor zusammen mit einem Orchester eine Messe auff\u00fchrte.<br \/>\nDie geehrten Christoph T\u00fcrck 1. v.links, Ingrid Winghart 3. v.links mit Pfarrer J\u00fcrgen Sauter 2 v links. Weiter der neue Vorsitzende Harald Schmidt, der neue Stimmenvertreter Walter Kreps und die Chorleiterin Aline Ehrig-Metz.<\/p>\n<p>Bei der Jahreshauptversammlung <strong>2018<\/strong> des katholischen Kirchenchores konnten mehrere Chormitglieder f\u00fcr langj\u00e4hrige Treue zum Chor geehrt werden.<\/p>\n<p>Auf dem Bild 2018 sind zu sehen von links nach rechts: Marianne H\u00f6rnle, G\u00fcnter Skatulla, Emmi K\u00f6berle, Pfarrer J\u00fcrgen Sauter, Chorleiterin Aline Ehrig-Metz, Vorstand Walter Kreps, Monika Brummet und Jeanette Reichert.<\/p>\n<p>Als besondere Ereignisse des vergangenen Jahres erw\u00e4hnt Walter Kreps unter anderem das Grillfest am 18. August, bei dem Traudl Baur verabschiedet und gleichzeitig zum Ehrenmitglied ernannt wurde. Der Chor bestand am 31.12.2017 aus 38 S\u00e4ngerinnen und S\u00e4ngern (Sopran 16, Alt 11, Tenor 7, Bass 4). Der Probenbesuch lag 2017 bei 86% (bei insgesamt 40 Chorproben).<\/p>\n<h2>Ausfl\u00fcge:<\/h2>\n<div id=\"metaslider-id-89\" style=\"max-width: 700px;\" class=\"ml-slider-3-108-0 metaslider metaslider-flex metaslider-89 ml-slider has-dots-nav ms-theme-default\" role=\"region\" aria-label=\"Ausfl\u00fcge\" data-height=\"450\" data-width=\"700\">\n    <div id=\"metaslider_container_89\">\n        <div id=\"metaslider_89\">\n            <ul class='slides'>\n                <li style=\"display: block; width: 100%;\" class=\"slide-806 ms-image \" aria-roledescription=\"slide\" data-date=\"2023-09-21 19:16:54\" data-filename=\"IMG_20230916_122216908-scaled-700x450.jpg\" data-slide-type=\"image\"><img loading=\"lazy\" decoding=\"async\" src=\"https:\/\/kirchenchor-ummendorf.de\/wp-content\/uploads\/2023\/09\/IMG_20230916_122216908-scaled-700x450.jpg\" height=\"450\" width=\"700\" alt=\"\" class=\"slider-89 slide-806 msDefaultImage\" title=\"IMG_20230916_122216908\" \/><div class=\"caption-wrap\"><div class=\"caption\"><div>Wangen - Innenstadt<\/div><\/div><\/div><\/li>\n                <li style=\"display: none; width: 100%;\" class=\"slide-804 ms-image \" aria-roledescription=\"slide\" data-date=\"2023-09-21 19:16:54\" data-filename=\"IMG_20230916_120457911_HDR-scaled-700x450.jpg\" data-slide-type=\"image\"><img loading=\"lazy\" decoding=\"async\" src=\"https:\/\/kirchenchor-ummendorf.de\/wp-content\/uploads\/2023\/09\/IMG_20230916_120457911_HDR-scaled-700x450.jpg\" height=\"450\" width=\"700\" alt=\"\" class=\"slider-89 slide-804 msDefaultImage\" title=\"IMG_20230916_120457911_HDR\" \/><div class=\"caption-wrap\"><div class=\"caption\"><div>Wangen 2023 - Markplatz<\/div><\/div><\/div><\/li>\n                <li style=\"display: none; width: 100%;\" class=\"slide-805 ms-image \" aria-roledescription=\"slide\" data-date=\"2023-09-21 19:16:54\" data-filename=\"IMG_20230916_152853295_HDR-scaled-700x450.jpg\" data-slide-type=\"image\"><img loading=\"lazy\" decoding=\"async\" src=\"https:\/\/kirchenchor-ummendorf.de\/wp-content\/uploads\/2023\/09\/IMG_20230916_152853295_HDR-scaled-700x450.jpg\" height=\"450\" width=\"700\" alt=\"\" class=\"slider-89 slide-805 msDefaultImage\" title=\"IMG_20230916_152853295_HDR\" \/><div class=\"caption-wrap\"><div class=\"caption\"><div>Wangen -Brunnen der \"Verdruckten\"<\/div><\/div><\/div><\/li>\n                <li style=\"display: none; width: 100%;\" class=\"slide-91 ms-image \" aria-roledescription=\"slide\" data-date=\"2018-01-03 20:15:18\" data-filename=\"Aschau-700x450.jpg\" data-slide-type=\"image\"><img loading=\"lazy\" decoding=\"async\" src=\"https:\/\/kirchenchor-ummendorf.de\/wp-content\/uploads\/2022\/11\/Aschau-700x450.jpg\" height=\"450\" width=\"700\" alt=\"\" class=\"slider-89 slide-91 msDefaultImage\" \/><div class=\"caption-wrap\"><div class=\"caption\"><div>Aschau 2015<\/div><\/div><\/div><\/li>\n                <li style=\"display: none; width: 100%;\" class=\"slide-92 ms-image \" aria-roledescription=\"slide\" data-date=\"2018-01-03 20:16:10\" data-filename=\"P1050276-480x308.jpg\" data-slide-type=\"image\"><img loading=\"lazy\" decoding=\"async\" src=\"https:\/\/kirchenchor-ummendorf.de\/wp-content\/uploads\/2018\/01\/P1050276-480x308.jpg\" height=\"450\" width=\"700\" alt=\"\" class=\"slider-89 slide-92 msDefaultImage\" \/><\/li>\n                <li style=\"display: none; width: 100%;\" class=\"slide-93 ms-image \" aria-roledescription=\"slide\" data-date=\"2018-01-03 20:16:29\" data-filename=\"P1050308-640x411.jpg\" data-slide-type=\"image\"><img loading=\"lazy\" decoding=\"async\" src=\"https:\/\/kirchenchor-ummendorf.de\/wp-content\/uploads\/2018\/01\/P1050308-640x411.jpg\" height=\"450\" width=\"700\" alt=\"\" class=\"slider-89 slide-93 msDefaultImage\" \/><\/li>\n                <li style=\"display: none; width: 100%;\" class=\"slide-94 ms-image \" aria-roledescription=\"slide\" data-date=\"2018-01-03 20:16:48\" data-filename=\"P1050298-535x343.jpg\" data-slide-type=\"image\"><img loading=\"lazy\" decoding=\"async\" src=\"https:\/\/kirchenchor-ummendorf.de\/wp-content\/uploads\/2018\/01\/P1050298-535x343.jpg\" height=\"450\" width=\"700\" alt=\"\" class=\"slider-89 slide-94 msDefaultImage\" \/><\/li>\n                <li style=\"display: none; width: 100%;\" class=\"slide-950 ms-image \" aria-roledescription=\"slide\" data-date=\"2024-11-25 21:32:02\" data-filename=\"P9210956-scaled-700x450.jpg\" data-slide-type=\"image\"><img loading=\"lazy\" decoding=\"async\" src=\"https:\/\/kirchenchor-ummendorf.de\/wp-content\/uploads\/2024\/11\/P9210956-scaled-700x450.jpg\" height=\"450\" width=\"700\" alt=\"\" class=\"slider-89 slide-950 msDefaultImage\" title=\"P9210956\" \/><div class=\"caption-wrap\"><div class=\"caption\"><div>...bei der Stadtf\u00fchrung in Esslingen 2024<\/div><\/div><\/div><\/li>\n                <li style=\"display: none; width: 100%;\" class=\"slide-951 ms-image \" aria-roledescription=\"slide\" data-date=\"2024-11-25 21:32:02\" data-filename=\"P9210936-scaled-700x450.jpg\" data-slide-type=\"image\"><img loading=\"lazy\" decoding=\"async\" src=\"https:\/\/kirchenchor-ummendorf.de\/wp-content\/uploads\/2024\/11\/P9210936-scaled-700x450.jpg\" height=\"450\" width=\"700\" alt=\"\" class=\"slider-89 slide-951 msDefaultImage\" title=\"P9210936\" \/><div class=\"caption-wrap\"><div class=\"caption\"><div>...F\u00fchrung durch die Kirche in Esslingen 2024<\/div><\/div><\/div><\/li>\n                <li style=\"display: none; width: 100%;\" class=\"slide-952 ms-image \" aria-roledescription=\"slide\" data-date=\"2024-11-25 21:32:03\" data-filename=\"P9210894-scaled-700x450.jpg\" data-slide-type=\"image\"><img loading=\"lazy\" decoding=\"async\" src=\"https:\/\/kirchenchor-ummendorf.de\/wp-content\/uploads\/2024\/11\/P9210894-scaled-700x450.jpg\" height=\"450\" width=\"700\" alt=\"\" class=\"slider-89 slide-952 msDefaultImage\" title=\"P9210894\" \/><div class=\"caption-wrap\"><div class=\"caption\"><div>Esslingen 2024 bei bestem Wetter<\/div><\/div><\/div><\/li>\n                <li style=\"display: none; width: 100%;\" class=\"slide-953 ms-image \" aria-roledescription=\"slide\" data-date=\"2024-11-25 21:32:03\" data-filename=\"P9210789-scaled-700x450.jpg\" data-slide-type=\"image\"><img loading=\"lazy\" decoding=\"async\" src=\"https:\/\/kirchenchor-ummendorf.de\/wp-content\/uploads\/2024\/11\/P9210789-scaled-700x450.jpg\" height=\"450\" width=\"700\" alt=\"\" class=\"slider-89 slide-953 msDefaultImage\" title=\"P9210789\" \/><div class=\"caption-wrap\"><div class=\"caption\"><div>... vor der Sektkellerei Kessler<\/div><\/div><\/div><\/li>\n                <li style=\"display: none; width: 100%;\" class=\"slide-954 ms-image \" aria-roledescription=\"slide\" data-date=\"2024-11-25 21:32:03\" data-filename=\"P9210766-scaled-700x450.jpg\" data-slide-type=\"image\"><img loading=\"lazy\" decoding=\"async\" src=\"https:\/\/kirchenchor-ummendorf.de\/wp-content\/uploads\/2024\/11\/P9210766-scaled-700x450.jpg\" height=\"450\" width=\"700\" alt=\"\" class=\"slider-89 slide-954 msDefaultImage\" title=\"P9210766\" \/><\/li>\n            <\/ul>\n        <\/div>\n        \n    <\/div>\n<\/div>\n<h2>Konzerte:<\/h2>\n<div id=\"metaslider-id-95\" style=\"max-width: 700px;\" class=\"ml-slider-3-108-0 metaslider metaslider-flex metaslider-95 ml-slider has-dots-nav ms-theme-default\" role=\"region\" aria-label=\"Konzerte\" data-height=\"450\" data-width=\"700\">\n    <div id=\"metaslider_container_95\">\n        <div id=\"metaslider_95\">\n            <ul class='slides'>\n                <li style=\"display: block; width: 100%;\" class=\"slide-96 ms-image \" aria-roledescription=\"slide\" data-date=\"2018-01-03 20:18:35\" data-filename=\"Kirchenkonzert--700x450.jpg\" data-slide-type=\"image\"><img loading=\"lazy\" decoding=\"async\" src=\"https:\/\/kirchenchor-ummendorf.de\/wp-content\/uploads\/2018\/02\/Kirchenkonzert--700x450.jpg\" height=\"450\" width=\"700\" alt=\"\" class=\"slider-95 slide-96 msDefaultImage\" \/><\/li>\n                <li style=\"display: none; width: 100%;\" class=\"slide-97 ms-image \" aria-roledescription=\"slide\" data-date=\"2018-01-03 20:19:36\" data-filename=\"Konzert2015-600x385.jpg\" data-slide-type=\"image\"><img loading=\"lazy\" decoding=\"async\" src=\"https:\/\/kirchenchor-ummendorf.de\/wp-content\/uploads\/2018\/01\/Konzert2015-600x385.jpg\" height=\"450\" width=\"700\" alt=\"\" class=\"slider-95 slide-97 msDefaultImage\" \/><\/li>\n                <li style=\"display: none; width: 100%;\" class=\"slide-170 ms-image \" aria-roledescription=\"slide\" data-date=\"2018-02-17 16:21:45\" data-filename=\"DSC_0100-700x450.jpg\" data-slide-type=\"image\"><img loading=\"lazy\" decoding=\"async\" src=\"https:\/\/kirchenchor-ummendorf.de\/wp-content\/uploads\/2018\/02\/DSC_0100-700x450.jpg\" height=\"450\" width=\"700\" alt=\"\" class=\"slider-95 slide-170 msDefaultImage\" \/><\/li>\n                <li style=\"display: none; width: 100%;\" class=\"slide-810 ms-image \" aria-roledescription=\"slide\" data-date=\"2023-09-21 19:25:17\" data-filename=\"IMG_20230106_091941046-scaled-700x450.jpg\" data-slide-type=\"image\"><img loading=\"lazy\" decoding=\"async\" src=\"https:\/\/kirchenchor-ummendorf.de\/wp-content\/uploads\/2023\/09\/IMG_20230106_091941046-scaled-700x450.jpg\" height=\"450\" width=\"700\" alt=\"\" class=\"slider-95 slide-810 msDefaultImage\" title=\"IMG_20230106_091941046\" \/><div class=\"caption-wrap\"><div class=\"caption\">Dreik\u00f6nig 2023<\/div><\/div><\/li>\n                <li style=\"display: none; width: 100%;\" class=\"slide-808 ms-image \" aria-roledescription=\"slide\" data-date=\"2023-09-21 19:22:44\" data-filename=\"IMG_20230407_141715111_BURST000_COVER_TOP-scaled-700x450.jpg\" data-slide-type=\"image\"><img loading=\"lazy\" decoding=\"async\" src=\"https:\/\/kirchenchor-ummendorf.de\/wp-content\/uploads\/2023\/09\/IMG_20230407_141715111_BURST000_COVER_TOP-scaled-700x450.jpg\" height=\"450\" width=\"700\" alt=\"\" class=\"slider-95 slide-808 msDefaultImage\" title=\"IMG_20230407_141715111_BURST000_COVER_TOP\" \/><div class=\"caption-wrap\"><div class=\"caption\">Karfreitag 2023<\/div><\/div><\/li>\n                <li style=\"display: none; width: 100%;\" class=\"slide-242 ms-image \" aria-roledescription=\"slide\" data-date=\"2018-02-19 19:03:25\" data-filename=\"Maennervesper-700x450.jpg\" data-slide-type=\"image\"><img loading=\"lazy\" decoding=\"async\" src=\"https:\/\/kirchenchor-ummendorf.de\/wp-content\/uploads\/2018\/02\/Maennervesper-700x450.jpg\" height=\"450\" width=\"700\" alt=\"\" class=\"slider-95 slide-242 msDefaultImage\" \/><\/li>\n                <li style=\"display: none; width: 100%;\" class=\"slide-290 ms-image \" aria-roledescription=\"slide\" data-date=\"2018-07-23 20:34:58\" data-filename=\"Kinderchor_der_kleine_Prinz1-700x450.jpg\" data-slide-type=\"image\"><img loading=\"lazy\" decoding=\"async\" src=\"https:\/\/kirchenchor-ummendorf.de\/wp-content\/uploads\/2018\/07\/Kinderchor_der_kleine_Prinz1-700x450.jpg\" height=\"450\" width=\"700\" alt=\"\" class=\"slider-95 slide-290 msDefaultImage\" title=\"Kinderchor_der_kleine_Prinz1\" \/><\/li>\n            <\/ul>\n        <\/div>\n        \n    <\/div>\n<\/div>\n<h2>Grillfeste:<\/h2>\n<div id=\"metaslider-id-98\" style=\"max-width: 700px;\" class=\"ml-slider-3-108-0 metaslider metaslider-flex metaslider-98 ml-slider has-dots-nav ms-theme-default\" role=\"region\" aria-label=\"Grillfeste\" data-height=\"450\" data-width=\"700\">\n    <div id=\"metaslider_container_98\">\n        <div id=\"metaslider_98\">\n            <ul class='slides'>\n                <li style=\"display: block; width: 100%;\" class=\"slide-101 ms-image \" aria-roledescription=\"slide\" data-date=\"2018-01-03 20:21:30\" data-filename=\"grillfest-550x353.jpg\" data-slide-type=\"image\"><img loading=\"lazy\" decoding=\"async\" src=\"https:\/\/kirchenchor-ummendorf.de\/wp-content\/uploads\/2018\/01\/grillfest-550x353.jpg\" height=\"450\" width=\"700\" alt=\"\" class=\"slider-98 slide-101 msDefaultImage\" \/><div class=\"caption-wrap\"><div class=\"caption\">Grillfest 2016<\/div><\/div><\/li>\n                <li style=\"display: none; width: 100%;\" class=\"slide-172 ms-image \" aria-roledescription=\"slide\" data-date=\"2018-02-17 16:25:24\" data-filename=\"DSC00981-700x450.jpg\" data-slide-type=\"image\"><img loading=\"lazy\" decoding=\"async\" src=\"https:\/\/kirchenchor-ummendorf.de\/wp-content\/uploads\/2018\/02\/DSC00981-700x450.jpg\" height=\"450\" width=\"700\" alt=\"\" class=\"slider-98 slide-172 msDefaultImage\" \/><div class=\"caption-wrap\"><div class=\"caption\">Grillfest 2017<\/div><\/div><\/li>\n            <\/ul>\n        <\/div>\n        \n    <\/div>\n<\/div>\n<h2>Einkehr:<\/h2>\n<div id=\"metaslider-id-99\" style=\"max-width: 700px;\" class=\"ml-slider-3-108-0 metaslider metaslider-flex metaslider-99 ml-slider has-dots-nav ms-theme-default\" role=\"region\" aria-label=\"Einkehr\" data-height=\"450\" data-width=\"700\">\n    <div id=\"metaslider_container_99\">\n        <div id=\"metaslider_99\">\n            <ul class='slides'>\n                <li style=\"display: block; width: 100%;\" class=\"slide-100 ms-image \" aria-roledescription=\"slide\" data-date=\"2018-01-03 20:20:46\" data-filename=\"Einkehr-550x353.jpg\" data-slide-type=\"image\"><img loading=\"lazy\" decoding=\"async\" src=\"https:\/\/kirchenchor-ummendorf.de\/wp-content\/uploads\/2018\/01\/Einkehr-550x353.jpg\" height=\"450\" width=\"700\" alt=\"\" class=\"slider-99 slide-100 msDefaultImage\" \/><div class=\"caption-wrap\"><div class=\"caption\">Einkehren in der Ummendorfer Gastronomie<\/div><\/div><\/li>\n                <li style=\"display: none; width: 100%;\" class=\"slide-181 ms-image \" aria-roledescription=\"slide\" data-date=\"2018-02-17 16:59:27\" data-filename=\"Anna-Fest-700x450.jpg\" data-slide-type=\"image\"><img loading=\"lazy\" decoding=\"async\" src=\"https:\/\/kirchenchor-ummendorf.de\/wp-content\/uploads\/2018\/02\/Anna-Fest-700x450.jpg\" height=\"450\" width=\"700\" alt=\"\" class=\"slider-99 slide-181 msDefaultImage\" \/><div class=\"caption-wrap\"><div class=\"caption\">Einkehr beim Anna-Fest in H\u00e4usern bei Fam. H\u00f6rnle<\/div><\/div><\/li>\n            <\/ul>\n        <\/div>\n        \n    <\/div>\n<\/div>\n<h2><strong><a href=\"https:\/\/kirchenchor-ummendorf.de\/?page_id=902\">Downloads f\u00fcr Chormitglieder<\/a><\/strong><\/h2>\n","protected":false},"excerpt":{"rendered":"<p>Jahreshauptversammlungen: Ummendorf im Februar 2024 &#8211; Kirchenchor ehrt verdiente Mitglieder Die Mitglieder des Kath. Kirchenchores St. Johannes Evangelist, Ummendorf, trafen sich am Freitag, 02. Februar 2024 zur 46. Ordentlichen Jahreshauptversammlung. Der 1. Vorsitzende Harald Schmidt begr\u00fc\u00dfte dazu die Chorleitung Frau Aline Ehrig-Metz und Herr Pfarrer Sauter, sowie alle S\u00e4ngerinnen und S\u00e4nger. Der 1. Vorsitzende, die [&hellip;]<\/p>\n","protected":false},"author":1,"featured_media":0,"parent":0,"menu_order":0,"comment_status":"closed","ping_status":"closed","template":"","meta":{"footnotes":""},"class_list":["post-50","page","type-page","status-publish","hentry"],"_links":{"self":[{"href":"https:\/\/kirchenchor-ummendorf.de\/index.php?rest_route=\/wp\/v2\/pages\/50","targetHints":{"allow":["GET"]}}],"collection":[{"href":"https:\/\/kirchenchor-ummendorf.de\/index.php?rest_route=\/wp\/v2\/pages"}],"about":[{"href":"https:\/\/kirchenchor-ummendorf.de\/index.php?rest_route=\/wp\/v2\/types\/page"}],"author":[{"embeddable":true,"href":"https:\/\/kirchenchor-ummendorf.de\/index.php?rest_route=\/wp\/v2\/users\/1"}],"replies":[{"embeddable":true,"href":"https:\/\/kirchenchor-ummendorf.de\/index.php?rest_route=%2Fwp%2Fv2%2Fcomments&post=50"}],"version-history":[{"count":30,"href":"https:\/\/kirchenchor-ummendorf.de\/index.php?rest_route=\/wp\/v2\/pages\/50\/revisions"}],"predecessor-version":[{"id":960,"href":"https:\/\/kirchenchor-ummendorf.de\/index.php?rest_route=\/wp\/v2\/pages\/50\/revisions\/960"}],"wp:attachment":[{"href":"https:\/\/kirchenchor-ummendorf.de\/index.php?rest_route=%2Fwp%2Fv2%2Fmedia&parent=50"}],"curies":[{"name":"wp","href":"https:\/\/api.w.org\/{rel}","templated":true}]}}